{"id":6271,"date":"2024-12-11T22:36:27","date_gmt":"2024-12-11T21:36:27","guid":{"rendered":"https:\/\/www.mulmix.it\/prodotto\/silos-a-fondo-piano\/"},"modified":"2025-05-06T12:13:21","modified_gmt":"2025-05-06T10:13:21","slug":"silos-a-fond-plat","status":"publish","type":"prodotto","link":"https:\/\/www.mulmix.it\/fr\/prodotto\/silos-a-fond-plat\/","title":{"rendered":"Silos \u00e0 fond plat"},"content":{"rendered":"","protected":false},"excerpt":{"rendered":"<p>Il silos in acciaio strutturale\u00a0S350 GD (UNI EN10346) con rivestimento zincato Z600 a fondo piano FP, viene impiegato per il contenimento di cereali in granuli con densit\u00e0 apparente massima di 0,85t\/m\u00b3; viene installato su un basamento di calcestruzzo nel quale possono essere ricavati i canali di ventilazione.<\/p>\n","protected":false},"featured_media":0,"parent":0,"menu_order":0,"template":"","format":"standard","meta":{"_acf_changed":false,"pgc_sgb_lightbox_settings":""},"business_units":[79],"class_list":["post-6271","prodotto","type-prodotto","status-publish","format-standard","hentry","business_units-stoccaggio-cereali-fr"],"acf":{"photo_gallery":{"galleria":[[{"id":6289,"title":"silos-fondo-piano1","caption":"","full_image_url":"https:\/\/www.mulmix.it\/wp-content\/uploads\/2024\/09\/silos-fondo-piano1.jpg","thumbnail_image_url":"https:\/\/www.mulmix.it\/wp-content\/uploads\/2024\/09\/silos-fondo-piano1-150x150.jpg","large_srcset":"https:\/\/www.mulmix.it\/wp-content\/uploads\/2024\/09\/silos-fondo-piano1.jpg 420w, https:\/\/www.mulmix.it\/wp-content\/uploads\/2024\/09\/silos-fondo-piano1-247x300.jpg 247w","medium_srcset":"https:\/\/www.mulmix.it\/wp-content\/uploads\/2024\/09\/silos-fondo-piano1-247x300.jpg 247w, https:\/\/www.mulmix.it\/wp-content\/uploads\/2024\/09\/silos-fondo-piano1.jpg 420w","media_details":{"width":420,"height":510,"sizes":{"medium":{"file":"silos-fondo-piano1-247x300.jpg","width":247,"height":300,"mime-type":"image\/jpeg","filesize":13367,"source_url":"https:\/\/www.mulmix.it\/wp-content\/uploads\/2024\/09\/silos-fondo-piano1-247x300.jpg"},"thumbnail":{"file":"silos-fondo-piano1-150x150.jpg","width":150,"height":150,"mime-type":"image\/jpeg","filesize":4596,"source_url":"https:\/\/www.mulmix.it\/wp-content\/uploads\/2024\/09\/silos-fondo-piano1-150x150.jpg"}}},"alt_text":"","url":"","target":""},{"id":6288,"title":"silos-fp-tetti-zincati","caption":"","full_image_url":"https:\/\/www.mulmix.it\/wp-content\/uploads\/2024\/09\/silos-fp-tetti-zincati.jpg","thumbnail_image_url":"https:\/\/www.mulmix.it\/wp-content\/uploads\/2024\/09\/silos-fp-tetti-zincati-150x150.jpg","large_srcset":"https:\/\/www.mulmix.it\/wp-content\/uploads\/2024\/09\/silos-fp-tetti-zincati.jpg 420w, https:\/\/www.mulmix.it\/wp-content\/uploads\/2024\/09\/silos-fp-tetti-zincati-248x300.jpg 248w","medium_srcset":"https:\/\/www.mulmix.it\/wp-content\/uploads\/2024\/09\/silos-fp-tetti-zincati-248x300.jpg 248w, https:\/\/www.mulmix.it\/wp-content\/uploads\/2024\/09\/silos-fp-tetti-zincati.jpg 420w","media_details":{"width":420,"height":509,"sizes":{"medium":{"file":"silos-fp-tetti-zincati-248x300.jpg","width":248,"height":300,"mime-type":"image\/jpeg","filesize":13375,"source_url":"https:\/\/www.mulmix.it\/wp-content\/uploads\/2024\/09\/silos-fp-tetti-zincati-248x300.jpg"},"thumbnail":{"file":"silos-fp-tetti-zincati-150x150.jpg","width":150,"height":150,"mime-type":"image\/jpeg","filesize":5123,"source_url":"https:\/\/www.mulmix.it\/wp-content\/uploads\/2024\/09\/silos-fp-tetti-zincati-150x150.jpg"}}},"alt_text":"","url":"","target":""},{"id":6287,"title":"dscn0035-420x510","caption":"","full_image_url":"https:\/\/www.mulmix.it\/wp-content\/uploads\/2024\/09\/dscn0035-420x510-1.jpg","thumbnail_image_url":"https:\/\/www.mulmix.it\/wp-content\/uploads\/2024\/09\/dscn0035-420x510-1-150x150.jpg","large_srcset":"https:\/\/www.mulmix.it\/wp-content\/uploads\/2024\/09\/dscn0035-420x510-1.jpg 420w, https:\/\/www.mulmix.it\/wp-content\/uploads\/2024\/09\/dscn0035-420x510-1-247x300.jpg 247w","medium_srcset":"https:\/\/www.mulmix.it\/wp-content\/uploads\/2024\/09\/dscn0035-420x510-1-247x300.jpg 247w, https:\/\/www.mulmix.it\/wp-content\/uploads\/2024\/09\/dscn0035-420x510-1.jpg 420w","media_details":{"width":420,"height":510,"sizes":{"medium":{"file":"dscn0035-420x510-1-247x300.jpg","width":247,"height":300,"mime-type":"image\/jpeg","filesize":13607,"source_url":"https:\/\/www.mulmix.it\/wp-content\/uploads\/2024\/09\/dscn0035-420x510-1-247x300.jpg"},"thumbnail":{"file":"dscn0035-420x510-1-150x150.jpg","width":150,"height":150,"mime-type":"image\/jpeg","filesize":4998,"source_url":"https:\/\/www.mulmix.it\/wp-content\/uploads\/2024\/09\/dscn0035-420x510-1-150x150.jpg"}}},"alt_text":"","url":"","target":""},{"id":6286,"title":"silos-fp-dettaglio-cilindro","caption":"","full_image_url":"https:\/\/www.mulmix.it\/wp-content\/uploads\/2024\/09\/silos-fp-dettaglio-cilindro.jpg","thumbnail_image_url":"https:\/\/www.mulmix.it\/wp-content\/uploads\/2024\/09\/silos-fp-dettaglio-cilindro-150x150.jpg","large_srcset":"https:\/\/www.mulmix.it\/wp-content\/uploads\/2024\/09\/silos-fp-dettaglio-cilindro.jpg 420w, https:\/\/www.mulmix.it\/wp-content\/uploads\/2024\/09\/silos-fp-dettaglio-cilindro-248x300.jpg 248w","medium_srcset":"https:\/\/www.mulmix.it\/wp-content\/uploads\/2024\/09\/silos-fp-dettaglio-cilindro-248x300.jpg 248w, https:\/\/www.mulmix.it\/wp-content\/uploads\/2024\/09\/silos-fp-dettaglio-cilindro.jpg 420w","media_details":{"width":420,"height":509,"sizes":{"medium":{"file":"silos-fp-dettaglio-cilindro-248x300.jpg","width":248,"height":300,"mime-type":"image\/jpeg","filesize":14293,"source_url":"https:\/\/www.mulmix.it\/wp-content\/uploads\/2024\/09\/silos-fp-dettaglio-cilindro-248x300.jpg"},"thumbnail":{"file":"silos-fp-dettaglio-cilindro-150x150.jpg","width":150,"height":150,"mime-type":"image\/jpeg","filesize":5567,"source_url":"https:\/\/www.mulmix.it\/wp-content\/uploads\/2024\/09\/silos-fp-dettaglio-cilindro-150x150.jpg"}}},"alt_text":"","url":"","target":""},{"id":6285,"title":"silos-fp-dettaglio-piede-ancoraggio","caption":"","full_image_url":"https:\/\/www.mulmix.it\/wp-content\/uploads\/2024\/09\/silos-fp-dettaglio-piede-ancoraggio.jpg","thumbnail_image_url":"https:\/\/www.mulmix.it\/wp-content\/uploads\/2024\/09\/silos-fp-dettaglio-piede-ancoraggio-150x150.jpg","large_srcset":"https:\/\/www.mulmix.it\/wp-content\/uploads\/2024\/09\/silos-fp-dettaglio-piede-ancoraggio.jpg 420w, https:\/\/www.mulmix.it\/wp-content\/uploads\/2024\/09\/silos-fp-dettaglio-piede-ancoraggio-248x300.jpg 248w","medium_srcset":"https:\/\/www.mulmix.it\/wp-content\/uploads\/2024\/09\/silos-fp-dettaglio-piede-ancoraggio-248x300.jpg 248w, https:\/\/www.mulmix.it\/wp-content\/uploads\/2024\/09\/silos-fp-dettaglio-piede-ancoraggio.jpg 420w","media_details":{"width":420,"height":509,"sizes":{"medium":{"file":"silos-fp-dettaglio-piede-ancoraggio-248x300.jpg","width":248,"height":300,"mime-type":"image\/jpeg","filesize":12566,"source_url":"https:\/\/www.mulmix.it\/wp-content\/uploads\/2024\/09\/silos-fp-dettaglio-piede-ancoraggio-248x300.jpg"},"thumbnail":{"file":"silos-fp-dettaglio-piede-ancoraggio-150x150.jpg","width":150,"height":150,"mime-type":"image\/jpeg","filesize":5001,"source_url":"https:\/\/www.mulmix.it\/wp-content\/uploads\/2024\/09\/silos-fp-dettaglio-piede-ancoraggio-150x150.jpg"}}},"alt_text":"","url":"","target":""},{"id":6284,"title":"silos-fp-dettaglio-unione-delle-virole","caption":"","full_image_url":"https:\/\/www.mulmix.it\/wp-content\/uploads\/2024\/09\/silos-fp-dettaglio-unione-delle-virole.jpg","thumbnail_image_url":"https:\/\/www.mulmix.it\/wp-content\/uploads\/2024\/09\/silos-fp-dettaglio-unione-delle-virole-150x150.jpg","large_srcset":"https:\/\/www.mulmix.it\/wp-content\/uploads\/2024\/09\/silos-fp-dettaglio-unione-delle-virole.jpg 420w, https:\/\/www.mulmix.it\/wp-content\/uploads\/2024\/09\/silos-fp-dettaglio-unione-delle-virole-247x300.jpg 247w","medium_srcset":"https:\/\/www.mulmix.it\/wp-content\/uploads\/2024\/09\/silos-fp-dettaglio-unione-delle-virole-247x300.jpg 247w, https:\/\/www.mulmix.it\/wp-content\/uploads\/2024\/09\/silos-fp-dettaglio-unione-delle-virole.jpg 420w","media_details":{"width":420,"height":510,"sizes":{"medium":{"file":"silos-fp-dettaglio-unione-delle-virole-247x300.jpg","width":247,"height":300,"mime-type":"image\/jpeg","filesize":14960,"source_url":"https:\/\/www.mulmix.it\/wp-content\/uploads\/2024\/09\/silos-fp-dettaglio-unione-delle-virole-247x300.jpg"},"thumbnail":{"file":"silos-fp-dettaglio-unione-delle-virole-150x150.jpg","width":150,"height":150,"mime-type":"image\/jpeg","filesize":5887,"source_url":"https:\/\/www.mulmix.it\/wp-content\/uploads\/2024\/09\/silos-fp-dettaglio-unione-delle-virole-150x150.jpg"}}},"alt_text":"","url":"","target":""},{"id":6283,"title":"silos-fp-montante-marcato","caption":"","full_image_url":"https:\/\/www.mulmix.it\/wp-content\/uploads\/2024\/09\/silos-fp-montante-marcato.jpg","thumbnail_image_url":"https:\/\/www.mulmix.it\/wp-content\/uploads\/2024\/09\/silos-fp-montante-marcato-150x150.jpg","large_srcset":"https:\/\/www.mulmix.it\/wp-content\/uploads\/2024\/09\/silos-fp-montante-marcato.jpg 420w, https:\/\/www.mulmix.it\/wp-content\/uploads\/2024\/09\/silos-fp-montante-marcato-247x300.jpg 247w","medium_srcset":"https:\/\/www.mulmix.it\/wp-content\/uploads\/2024\/09\/silos-fp-montante-marcato-247x300.jpg 247w, https:\/\/www.mulmix.it\/wp-content\/uploads\/2024\/09\/silos-fp-montante-marcato.jpg 420w","media_details":{"width":420,"height":511,"sizes":{"medium":{"file":"silos-fp-montante-marcato-247x300.jpg","width":247,"height":300,"mime-type":"image\/jpeg","filesize":10828,"source_url":"https:\/\/www.mulmix.it\/wp-content\/uploads\/2024\/09\/silos-fp-montante-marcato-247x300.jpg"},"thumbnail":{"file":"silos-fp-montante-marcato-150x150.jpg","width":150,"height":150,"mime-type":"image\/jpeg","filesize":4084,"source_url":"https:\/\/www.mulmix.it\/wp-content\/uploads\/2024\/09\/silos-fp-montante-marcato-150x150.jpg"}}},"alt_text":"","url":"","target":""},{"id":6282,"title":"silos-fp-doppia-porta-vista","caption":"","full_image_url":"https:\/\/www.mulmix.it\/wp-content\/uploads\/2024\/09\/silos-fp-doppia-porta-vista.jpg","thumbnail_image_url":"https:\/\/www.mulmix.it\/wp-content\/uploads\/2024\/09\/silos-fp-doppia-porta-vista-150x150.jpg","large_srcset":"https:\/\/www.mulmix.it\/wp-content\/uploads\/2024\/09\/silos-fp-doppia-porta-vista.jpg 420w, https:\/\/www.mulmix.it\/wp-content\/uploads\/2024\/09\/silos-fp-doppia-porta-vista-248x300.jpg 248w","medium_srcset":"https:\/\/www.mulmix.it\/wp-content\/uploads\/2024\/09\/silos-fp-doppia-porta-vista-248x300.jpg 248w, https:\/\/www.mulmix.it\/wp-content\/uploads\/2024\/09\/silos-fp-doppia-porta-vista.jpg 420w","media_details":{"width":420,"height":509,"sizes":{"medium":{"file":"silos-fp-doppia-porta-vista-248x300.jpg","width":248,"height":300,"mime-type":"image\/jpeg","filesize":18718,"source_url":"https:\/\/www.mulmix.it\/wp-content\/uploads\/2024\/09\/silos-fp-doppia-porta-vista-248x300.jpg"},"thumbnail":{"file":"silos-fp-doppia-porta-vista-150x150.jpg","width":150,"height":150,"mime-type":"image\/jpeg","filesize":6541,"source_url":"https:\/\/www.mulmix.it\/wp-content\/uploads\/2024\/09\/silos-fp-doppia-porta-vista-150x150.jpg"}}},"alt_text":"","url":"","target":""},{"id":6281,"title":"silos-fp-anelli-antivento","caption":"","full_image_url":"https:\/\/www.mulmix.it\/wp-content\/uploads\/2024\/09\/silos-fp-anelli-antivento.jpg","thumbnail_image_url":"https:\/\/www.mulmix.it\/wp-content\/uploads\/2024\/09\/silos-fp-anelli-antivento-150x150.jpg","large_srcset":"https:\/\/www.mulmix.it\/wp-content\/uploads\/2024\/09\/silos-fp-anelli-antivento.jpg 420w, https:\/\/www.mulmix.it\/wp-content\/uploads\/2024\/09\/silos-fp-anelli-antivento-247x300.jpg 247w","medium_srcset":"https:\/\/www.mulmix.it\/wp-content\/uploads\/2024\/09\/silos-fp-anelli-antivento-247x300.jpg 247w, https:\/\/www.mulmix.it\/wp-content\/uploads\/2024\/09\/silos-fp-anelli-antivento.jpg 420w","media_details":{"width":420,"height":510,"sizes":{"medium":{"file":"silos-fp-anelli-antivento-247x300.jpg","width":247,"height":300,"mime-type":"image\/jpeg","filesize":10862,"source_url":"https:\/\/www.mulmix.it\/wp-content\/uploads\/2024\/09\/silos-fp-anelli-antivento-247x300.jpg"},"thumbnail":{"file":"silos-fp-anelli-antivento-150x150.jpg","width":150,"height":150,"mime-type":"image\/jpeg","filesize":4056,"source_url":"https:\/\/www.mulmix.it\/wp-content\/uploads\/2024\/09\/silos-fp-anelli-antivento-150x150.jpg"}}},"alt_text":"","url":"","target":""},{"id":6280,"title":"silos-fp-attacco-tetto","caption":"","full_image_url":"https:\/\/www.mulmix.it\/wp-content\/uploads\/2024\/09\/silos-fp-attacco-tetto.jpg","thumbnail_image_url":"https:\/\/www.mulmix.it\/wp-content\/uploads\/2024\/09\/silos-fp-attacco-tetto-150x150.jpg","large_srcset":"https:\/\/www.mulmix.it\/wp-content\/uploads\/2024\/09\/silos-fp-attacco-tetto.jpg 420w, https:\/\/www.mulmix.it\/wp-content\/uploads\/2024\/09\/silos-fp-attacco-tetto-248x300.jpg 248w","medium_srcset":"https:\/\/www.mulmix.it\/wp-content\/uploads\/2024\/09\/silos-fp-attacco-tetto-248x300.jpg 248w, https:\/\/www.mulmix.it\/wp-content\/uploads\/2024\/09\/silos-fp-attacco-tetto.jpg 420w","media_details":{"width":420,"height":509,"sizes":{"medium":{"file":"silos-fp-attacco-tetto-248x300.jpg","width":248,"height":300,"mime-type":"image\/jpeg","filesize":12286,"source_url":"https:\/\/www.mulmix.it\/wp-content\/uploads\/2024\/09\/silos-fp-attacco-tetto-248x300.jpg"},"thumbnail":{"file":"silos-fp-attacco-tetto-150x150.jpg","width":150,"height":150,"mime-type":"image\/jpeg","filesize":4714,"source_url":"https:\/\/www.mulmix.it\/wp-content\/uploads\/2024\/09\/silos-fp-attacco-tetto-150x150.jpg"}}},"alt_text":"","url":"","target":""},{"id":6279,"title":"silos-fp-ballatoio-1","caption":"","full_image_url":"https:\/\/www.mulmix.it\/wp-content\/uploads\/2024\/09\/silos-fp-ballatoio-1.jpg","thumbnail_image_url":"https:\/\/www.mulmix.it\/wp-content\/uploads\/2024\/09\/silos-fp-ballatoio-1-150x150.jpg","large_srcset":"https:\/\/www.mulmix.it\/wp-content\/uploads\/2024\/09\/silos-fp-ballatoio-1.jpg 420w, https:\/\/www.mulmix.it\/wp-content\/uploads\/2024\/09\/silos-fp-ballatoio-1-247x300.jpg 247w","medium_srcset":"https:\/\/www.mulmix.it\/wp-content\/uploads\/2024\/09\/silos-fp-ballatoio-1-247x300.jpg 247w, https:\/\/www.mulmix.it\/wp-content\/uploads\/2024\/09\/silos-fp-ballatoio-1.jpg 420w","media_details":{"width":420,"height":510,"sizes":{"medium":{"file":"silos-fp-ballatoio-1-247x300.jpg","width":247,"height":300,"mime-type":"image\/jpeg","filesize":16813,"source_url":"https:\/\/www.mulmix.it\/wp-content\/uploads\/2024\/09\/silos-fp-ballatoio-1-247x300.jpg"},"thumbnail":{"file":"silos-fp-ballatoio-1-150x150.jpg","width":150,"height":150,"mime-type":"image\/jpeg","filesize":6327,"source_url":"https:\/\/www.mulmix.it\/wp-content\/uploads\/2024\/09\/silos-fp-ballatoio-1-150x150.jpg"}}},"alt_text":"","url":"","target":""},{"id":6278,"title":"silos-fp-ballatoio","caption":"","full_image_url":"https:\/\/www.mulmix.it\/wp-content\/uploads\/2024\/09\/silos-fp-ballatoio.jpg","thumbnail_image_url":"https:\/\/www.mulmix.it\/wp-content\/uploads\/2024\/09\/silos-fp-ballatoio-150x150.jpg","large_srcset":"https:\/\/www.mulmix.it\/wp-content\/uploads\/2024\/09\/silos-fp-ballatoio.jpg 420w, https:\/\/www.mulmix.it\/wp-content\/uploads\/2024\/09\/silos-fp-ballatoio-247x300.jpg 247w","medium_srcset":"https:\/\/www.mulmix.it\/wp-content\/uploads\/2024\/09\/silos-fp-ballatoio-247x300.jpg 247w, https:\/\/www.mulmix.it\/wp-content\/uploads\/2024\/09\/silos-fp-ballatoio.jpg 420w","media_details":{"width":420,"height":511,"sizes":{"medium":{"file":"silos-fp-ballatoio-247x300.jpg","width":247,"height":300,"mime-type":"image\/jpeg","filesize":16190,"source_url":"https:\/\/www.mulmix.it\/wp-content\/uploads\/2024\/09\/silos-fp-ballatoio-247x300.jpg"},"thumbnail":{"file":"silos-fp-ballatoio-150x150.jpg","width":150,"height":150,"mime-type":"image\/jpeg","filesize":6143,"source_url":"https:\/\/www.mulmix.it\/wp-content\/uploads\/2024\/09\/silos-fp-ballatoio-150x150.jpg"}}},"alt_text":"","url":"","target":""},{"id":6277,"title":"silos-fp-estrattore-rotativo","caption":"","full_image_url":"https:\/\/www.mulmix.it\/wp-content\/uploads\/2024\/09\/silos-fp-estrattore-rotativo.jpg","thumbnail_image_url":"https:\/\/www.mulmix.it\/wp-content\/uploads\/2024\/09\/silos-fp-estrattore-rotativo-150x150.jpg","large_srcset":"https:\/\/www.mulmix.it\/wp-content\/uploads\/2024\/09\/silos-fp-estrattore-rotativo.jpg 420w, https:\/\/www.mulmix.it\/wp-content\/uploads\/2024\/09\/silos-fp-estrattore-rotativo-248x300.jpg 248w","medium_srcset":"https:\/\/www.mulmix.it\/wp-content\/uploads\/2024\/09\/silos-fp-estrattore-rotativo-248x300.jpg 248w, https:\/\/www.mulmix.it\/wp-content\/uploads\/2024\/09\/silos-fp-estrattore-rotativo.jpg 420w","media_details":{"width":420,"height":509,"sizes":{"medium":{"file":"silos-fp-estrattore-rotativo-248x300.jpg","width":248,"height":300,"mime-type":"image\/jpeg","filesize":13095,"source_url":"https:\/\/www.mulmix.it\/wp-content\/uploads\/2024\/09\/silos-fp-estrattore-rotativo-248x300.jpg"},"thumbnail":{"file":"silos-fp-estrattore-rotativo-150x150.jpg","width":150,"height":150,"mime-type":"image\/jpeg","filesize":4523,"source_url":"https:\/\/www.mulmix.it\/wp-content\/uploads\/2024\/09\/silos-fp-estrattore-rotativo-150x150.jpg"}}},"alt_text":"","url":"","target":""},{"id":6276,"title":"silos-fp-passerelle-reticolari","caption":"","full_image_url":"https:\/\/www.mulmix.it\/wp-content\/uploads\/2024\/09\/silos-fp-passerelle-reticolari.jpg","thumbnail_image_url":"https:\/\/www.mulmix.it\/wp-content\/uploads\/2024\/09\/silos-fp-passerelle-reticolari-150x150.jpg","large_srcset":"https:\/\/www.mulmix.it\/wp-content\/uploads\/2024\/09\/silos-fp-passerelle-reticolari.jpg 420w, https:\/\/www.mulmix.it\/wp-content\/uploads\/2024\/09\/silos-fp-passerelle-reticolari-248x300.jpg 248w","medium_srcset":"https:\/\/www.mulmix.it\/wp-content\/uploads\/2024\/09\/silos-fp-passerelle-reticolari-248x300.jpg 248w, https:\/\/www.mulmix.it\/wp-content\/uploads\/2024\/09\/silos-fp-passerelle-reticolari.jpg 420w","media_details":{"width":420,"height":509,"sizes":{"medium":{"file":"silos-fp-passerelle-reticolari-248x300.jpg","width":248,"height":300,"mime-type":"image\/jpeg","filesize":16893,"source_url":"https:\/\/www.mulmix.it\/wp-content\/uploads\/2024\/09\/silos-fp-passerelle-reticolari-248x300.jpg"},"thumbnail":{"file":"silos-fp-passerelle-reticolari-150x150.jpg","width":150,"height":150,"mime-type":"image\/jpeg","filesize":6419,"source_url":"https:\/\/www.mulmix.it\/wp-content\/uploads\/2024\/09\/silos-fp-passerelle-reticolari-150x150.jpg"}}},"alt_text":"","url":"","target":""},{"id":6275,"title":"silos-fp-scala-verticale","caption":"","full_image_url":"https:\/\/www.mulmix.it\/wp-content\/uploads\/2024\/09\/silos-fp-scala-verticale.jpg","thumbnail_image_url":"https:\/\/www.mulmix.it\/wp-content\/uploads\/2024\/09\/silos-fp-scala-verticale-150x150.jpg","large_srcset":"https:\/\/www.mulmix.it\/wp-content\/uploads\/2024\/09\/silos-fp-scala-verticale.jpg 420w, https:\/\/www.mulmix.it\/wp-content\/uploads\/2024\/09\/silos-fp-scala-verticale-247x300.jpg 247w","medium_srcset":"https:\/\/www.mulmix.it\/wp-content\/uploads\/2024\/09\/silos-fp-scala-verticale-247x300.jpg 247w, https:\/\/www.mulmix.it\/wp-content\/uploads\/2024\/09\/silos-fp-scala-verticale.jpg 420w","media_details":{"width":420,"height":511,"sizes":{"medium":{"file":"silos-fp-scala-verticale-247x300.jpg","width":247,"height":300,"mime-type":"image\/jpeg","filesize":13846,"source_url":"https:\/\/www.mulmix.it\/wp-content\/uploads\/2024\/09\/silos-fp-scala-verticale-247x300.jpg"},"thumbnail":{"file":"silos-fp-scala-verticale-150x150.jpg","width":150,"height":150,"mime-type":"image\/jpeg","filesize":4722,"source_url":"https:\/\/www.mulmix.it\/wp-content\/uploads\/2024\/09\/silos-fp-scala-verticale-150x150.jpg"}}},"alt_text":"","url":"","target":""},{"id":6274,"title":"silos-fp-scaletta-verticale-1","caption":"","full_image_url":"https:\/\/www.mulmix.it\/wp-content\/uploads\/2024\/09\/silos-fp-scaletta-verticale-1.jpg","thumbnail_image_url":"https:\/\/www.mulmix.it\/wp-content\/uploads\/2024\/09\/silos-fp-scaletta-verticale-1-150x150.jpg","large_srcset":"https:\/\/www.mulmix.it\/wp-content\/uploads\/2024\/09\/silos-fp-scaletta-verticale-1.jpg 420w, https:\/\/www.mulmix.it\/wp-content\/uploads\/2024\/09\/silos-fp-scaletta-verticale-1-247x300.jpg 247w","medium_srcset":"https:\/\/www.mulmix.it\/wp-content\/uploads\/2024\/09\/silos-fp-scaletta-verticale-1-247x300.jpg 247w, https:\/\/www.mulmix.it\/wp-content\/uploads\/2024\/09\/silos-fp-scaletta-verticale-1.jpg 420w","media_details":{"width":420,"height":510,"sizes":{"medium":{"file":"silos-fp-scaletta-verticale-1-247x300.jpg","width":247,"height":300,"mime-type":"image\/jpeg","filesize":14792,"source_url":"https:\/\/www.mulmix.it\/wp-content\/uploads\/2024\/09\/silos-fp-scaletta-verticale-1-247x300.jpg"},"thumbnail":{"file":"silos-fp-scaletta-verticale-1-150x150.jpg","width":150,"height":150,"mime-type":"image\/jpeg","filesize":5674,"source_url":"https:\/\/www.mulmix.it\/wp-content\/uploads\/2024\/09\/silos-fp-scaletta-verticale-1-150x150.jpg"}}},"alt_text":"","url":"","target":""},{"id":6272,"title":"silos-fp-tetti-verniciati","caption":"","full_image_url":"https:\/\/www.mulmix.it\/wp-content\/uploads\/2024\/09\/silos-fp-tetti-verniciati.jpg","thumbnail_image_url":"https:\/\/www.mulmix.it\/wp-content\/uploads\/2024\/09\/silos-fp-tetti-verniciati-150x150.jpg","large_srcset":"https:\/\/www.mulmix.it\/wp-content\/uploads\/2024\/09\/silos-fp-tetti-verniciati.jpg 420w, https:\/\/www.mulmix.it\/wp-content\/uploads\/2024\/09\/silos-fp-tetti-verniciati-247x300.jpg 247w","medium_srcset":"https:\/\/www.mulmix.it\/wp-content\/uploads\/2024\/09\/silos-fp-tetti-verniciati-247x300.jpg 247w, https:\/\/www.mulmix.it\/wp-content\/uploads\/2024\/09\/silos-fp-tetti-verniciati.jpg 420w","media_details":{"width":420,"height":510,"sizes":{"medium":{"file":"silos-fp-tetti-verniciati-247x300.jpg","width":247,"height":300,"mime-type":"image\/jpeg","filesize":12225,"source_url":"https:\/\/www.mulmix.it\/wp-content\/uploads\/2024\/09\/silos-fp-tetti-verniciati-247x300.jpg"},"thumbnail":{"file":"silos-fp-tetti-verniciati-150x150.jpg","width":150,"height":150,"mime-type":"image\/jpeg","filesize":4710,"source_url":"https:\/\/www.mulmix.it\/wp-content\/uploads\/2024\/09\/silos-fp-tetti-verniciati-150x150.jpg"}}},"alt_text":"","url":"","target":""}]]}},"yoast_head":"<!-- This site is optimized with the Yoast SEO plugin v25.8 - https:\/\/yoast.com\/wordpress\/plugins\/seo\/ -->\n<title>Silos \u00e0 fond plat - Mulmix<\/title>\n<meta name=\"description\" content=\"Le silo \u00e0 fond plat FP est utilis\u00e9 pour le stockage de c\u00e9r\u00e9ales en grains ayant une densit\u00e9 apparente maximale de 0,85 t\/m\u00b3.\" \/>\n<meta name=\"robots\" content=\"index, follow, max-snippet:-1, max-image-preview:large, max-video-preview:-1\" \/>\n<link rel=\"canonical\" href=\"https:\/\/www.mulmix.it\/fr\/prodotto\/silos-a-fond-plat\/\" \/>\n<meta property=\"og:locale\" content=\"fr_FR\" \/>\n<meta property=\"og:type\" content=\"article\" \/>\n<meta property=\"og:title\" content=\"Silos \u00e0 fond plat - Mulmix\" \/>\n<meta property=\"og:description\" content=\"Le silo \u00e0 fond plat FP est utilis\u00e9 pour le stockage de c\u00e9r\u00e9ales en grains ayant une densit\u00e9 apparente maximale de 0,85 t\/m\u00b3.\" \/>\n<meta property=\"og:url\" content=\"https:\/\/www.mulmix.it\/fr\/prodotto\/silos-a-fond-plat\/\" \/>\n<meta property=\"og:site_name\" content=\"Mulmix\" \/>\n<meta property=\"article:modified_time\" content=\"2025-05-06T10:13:21+00:00\" \/>\n<meta name=\"twitter:card\" content=\"summary_large_image\" \/>\n<script type=\"application\/ld+json\" class=\"yoast-schema-graph\">{\"@context\":\"https:\/\/schema.org\",\"@graph\":[{\"@type\":\"WebPage\",\"@id\":\"https:\/\/www.mulmix.it\/fr\/prodotto\/silos-a-fond-plat\/\",\"url\":\"https:\/\/www.mulmix.it\/fr\/prodotto\/silos-a-fond-plat\/\",\"name\":\"Silos \u00e0 fond plat - Mulmix\",\"isPartOf\":{\"@id\":\"https:\/\/www.mulmix.it\/fr\/#website\"},\"datePublished\":\"2024-12-11T21:36:27+00:00\",\"dateModified\":\"2025-05-06T10:13:21+00:00\",\"description\":\"Le silo \u00e0 fond plat FP est utilis\u00e9 pour le stockage de c\u00e9r\u00e9ales en grains ayant une densit\u00e9 apparente maximale de 0,85 t\/m\u00b3.\",\"breadcrumb\":{\"@id\":\"https:\/\/www.mulmix.it\/fr\/prodotto\/silos-a-fond-plat\/#breadcrumb\"},\"inLanguage\":\"fr-FR\",\"potentialAction\":[{\"@type\":\"ReadAction\",\"target\":[\"https:\/\/www.mulmix.it\/fr\/prodotto\/silos-a-fond-plat\/\"]}]},{\"@type\":\"BreadcrumbList\",\"@id\":\"https:\/\/www.mulmix.it\/fr\/prodotto\/silos-a-fond-plat\/#breadcrumb\",\"itemListElement\":[{\"@type\":\"ListItem\",\"position\":1,\"name\":\"Home\",\"item\":\"https:\/\/www.mulmix.it\/fr\/\"},{\"@type\":\"ListItem\",\"position\":2,\"name\":\"Silos \u00e0 fond plat\"}]},{\"@type\":\"WebSite\",\"@id\":\"https:\/\/www.mulmix.it\/fr\/#website\",\"url\":\"https:\/\/www.mulmix.it\/fr\/\",\"name\":\"Mulmix\",\"description\":\"\",\"publisher\":{\"@id\":\"https:\/\/www.mulmix.it\/fr\/#organization\"},\"potentialAction\":[{\"@type\":\"SearchAction\",\"target\":{\"@type\":\"EntryPoint\",\"urlTemplate\":\"https:\/\/www.mulmix.it\/fr\/?s={search_term_string}\"},\"query-input\":{\"@type\":\"PropertyValueSpecification\",\"valueRequired\":true,\"valueName\":\"search_term_string\"}}],\"inLanguage\":\"fr-FR\"},{\"@type\":\"Organization\",\"@id\":\"https:\/\/www.mulmix.it\/fr\/#organization\",\"name\":\"Mulmix\",\"url\":\"https:\/\/www.mulmix.it\/fr\/\",\"logo\":{\"@type\":\"ImageObject\",\"inLanguage\":\"fr-FR\",\"@id\":\"https:\/\/www.mulmix.it\/fr\/#\/schema\/logo\/image\/\",\"url\":\"https:\/\/www.mulmix.it\/wp-content\/uploads\/2024\/07\/Raggruppa-596.svg\",\"contentUrl\":\"https:\/\/www.mulmix.it\/wp-content\/uploads\/2024\/07\/Raggruppa-596.svg\",\"width\":163,\"height\":71,\"caption\":\"Mulmix\"},\"image\":{\"@id\":\"https:\/\/www.mulmix.it\/fr\/#\/schema\/logo\/image\/\"}}]}<\/script>\n<!-- \/ Yoast SEO plugin. -->","yoast_head_json":{"title":"Silos \u00e0 fond plat - Mulmix","description":"Le silo \u00e0 fond plat FP est utilis\u00e9 pour le stockage de c\u00e9r\u00e9ales en grains ayant une densit\u00e9 apparente maximale de 0,85 t\/m\u00b3.","robots":{"index":"index","follow":"follow","max-snippet":"max-snippet:-1","max-image-preview":"max-image-preview:large","max-video-preview":"max-video-preview:-1"},"canonical":"https:\/\/www.mulmix.it\/fr\/prodotto\/silos-a-fond-plat\/","og_locale":"fr_FR","og_type":"article","og_title":"Silos \u00e0 fond plat - Mulmix","og_description":"Le silo \u00e0 fond plat FP est utilis\u00e9 pour le stockage de c\u00e9r\u00e9ales en grains ayant une densit\u00e9 apparente maximale de 0,85 t\/m\u00b3.","og_url":"https:\/\/www.mulmix.it\/fr\/prodotto\/silos-a-fond-plat\/","og_site_name":"Mulmix","article_modified_time":"2025-05-06T10:13:21+00:00","twitter_card":"summary_large_image","schema":{"@context":"https:\/\/schema.org","@graph":[{"@type":"WebPage","@id":"https:\/\/www.mulmix.it\/fr\/prodotto\/silos-a-fond-plat\/","url":"https:\/\/www.mulmix.it\/fr\/prodotto\/silos-a-fond-plat\/","name":"Silos \u00e0 fond plat - Mulmix","isPartOf":{"@id":"https:\/\/www.mulmix.it\/fr\/#website"},"datePublished":"2024-12-11T21:36:27+00:00","dateModified":"2025-05-06T10:13:21+00:00","description":"Le silo \u00e0 fond plat FP est utilis\u00e9 pour le stockage de c\u00e9r\u00e9ales en grains ayant une densit\u00e9 apparente maximale de 0,85 t\/m\u00b3.","breadcrumb":{"@id":"https:\/\/www.mulmix.it\/fr\/prodotto\/silos-a-fond-plat\/#breadcrumb"},"inLanguage":"fr-FR","potentialAction":[{"@type":"ReadAction","target":["https:\/\/www.mulmix.it\/fr\/prodotto\/silos-a-fond-plat\/"]}]},{"@type":"BreadcrumbList","@id":"https:\/\/www.mulmix.it\/fr\/prodotto\/silos-a-fond-plat\/#breadcrumb","itemListElement":[{"@type":"ListItem","position":1,"name":"Home","item":"https:\/\/www.mulmix.it\/fr\/"},{"@type":"ListItem","position":2,"name":"Silos \u00e0 fond plat"}]},{"@type":"WebSite","@id":"https:\/\/www.mulmix.it\/fr\/#website","url":"https:\/\/www.mulmix.it\/fr\/","name":"Mulmix","description":"","publisher":{"@id":"https:\/\/www.mulmix.it\/fr\/#organization"},"potentialAction":[{"@type":"SearchAction","target":{"@type":"EntryPoint","urlTemplate":"https:\/\/www.mulmix.it\/fr\/?s={search_term_string}"},"query-input":{"@type":"PropertyValueSpecification","valueRequired":true,"valueName":"search_term_string"}}],"inLanguage":"fr-FR"},{"@type":"Organization","@id":"https:\/\/www.mulmix.it\/fr\/#organization","name":"Mulmix","url":"https:\/\/www.mulmix.it\/fr\/","logo":{"@type":"ImageObject","inLanguage":"fr-FR","@id":"https:\/\/www.mulmix.it\/fr\/#\/schema\/logo\/image\/","url":"https:\/\/www.mulmix.it\/wp-content\/uploads\/2024\/07\/Raggruppa-596.svg","contentUrl":"https:\/\/www.mulmix.it\/wp-content\/uploads\/2024\/07\/Raggruppa-596.svg","width":163,"height":71,"caption":"Mulmix"},"image":{"@id":"https:\/\/www.mulmix.it\/fr\/#\/schema\/logo\/image\/"}}]}},"_links":{"self":[{"href":"https:\/\/www.mulmix.it\/fr\/wp-json\/wp\/v2\/prodotto\/6271","targetHints":{"allow":["GET"]}}],"collection":[{"href":"https:\/\/www.mulmix.it\/fr\/wp-json\/wp\/v2\/prodotto"}],"about":[{"href":"https:\/\/www.mulmix.it\/fr\/wp-json\/wp\/v2\/types\/prodotto"}],"version-history":[{"count":1,"href":"https:\/\/www.mulmix.it\/fr\/wp-json\/wp\/v2\/prodotto\/6271\/revisions"}],"predecessor-version":[{"id":6291,"href":"https:\/\/www.mulmix.it\/fr\/wp-json\/wp\/v2\/prodotto\/6271\/revisions\/6291"}],"wp:attachment":[{"href":"https:\/\/www.mulmix.it\/fr\/wp-json\/wp\/v2\/media?parent=6271"}],"wp:term":[{"taxonomy":"business_units","embeddable":true,"href":"https:\/\/www.mulmix.it\/fr\/wp-json\/wp\/v2\/business_units?post=6271"}],"curies":[{"name":"wp","href":"https:\/\/api.w.org\/{rel}","templated":true}]}}